{"id":496,"date":"2018-10-16T14:58:19","date_gmt":"2018-10-16T12:58:19","guid":{"rendered":"http:\/\/www.caroline-francois-rubino.com\/?page_id=496"},"modified":"2018-10-22T19:24:44","modified_gmt":"2018-10-22T17:24:44","slug":"books","status":"publish","type":"page","link":"https:\/\/www.caroline-francois-rubino.com\/en\/books\/","title":{"rendered":"books"},"content":{"rendered":"<div class=\"flex_column av_one_full  flex_column_div av-zero-column-padding first  \" style='border-radius:0px; '><div style='height:60px' class='hr hr-invisible  '><span class='hr-inner ' ><span class='hr-inner-style'><\/span><\/span><\/div><\/div>\n<div class=\"flex_column av_one_full  av-animated-generic fade-in  flex_column_div av-zero-column-padding first  \" style='border-radius:0px; '><div  data-autoplay=''  data-interval='5'  data-animation='fade'  data-show_slide_delay='90'  class='avia-content-slider avia-content-grid-active avia-content-slider1 avia-content-slider-odd  '  itemscope=\"itemscope\" itemtype=\"https:\/\/schema.org\/Blog\" ><div class='avia-content-slider-inner'><div class='slide-entry-wrap'><article class='slide-entry flex_column  post-entry post-entry-3587 slide-entry-overview slide-loop-1 slide-parity-odd  av_one_third first real-thumbnail'  itemscope=\"itemscope\" itemtype=\"https:\/\/schema.org\/BlogPosting\" itemprop=\"blogPost\" ><a href='https:\/\/www.caroline-francois-rubino.com\/en\/artists-books\/' data-rel='slide-1' class='slide-image' title=''><img loading=\"lazy\" decoding=\"async\" width=\"1200\" height=\"900\" src=\"https:\/\/www.caroline-francois-rubino.com\/wp-content\/uploads\/2021\/04\/IMG_0615-1-1200x900.jpg\" class=\"attachment-large size-large wp-post-image\" alt=\"\" srcset=\"https:\/\/www.caroline-francois-rubino.com\/wp-content\/uploads\/2021\/04\/IMG_0615-1-1200x900.jpg 1200w, https:\/\/www.caroline-francois-rubino.com\/wp-content\/uploads\/2021\/04\/IMG_0615-1-300x225.jpg 300w, https:\/\/www.caroline-francois-rubino.com\/wp-content\/uploads\/2021\/04\/IMG_0615-1-768x576.jpg 768w, https:\/\/www.caroline-francois-rubino.com\/wp-content\/uploads\/2021\/04\/IMG_0615-1-1500x1125.jpg 1500w, https:\/\/www.caroline-francois-rubino.com\/wp-content\/uploads\/2021\/04\/IMG_0615-1-705x529.jpg 705w, https:\/\/www.caroline-francois-rubino.com\/wp-content\/uploads\/2021\/04\/IMG_0615-1-450x338.jpg 450w\" sizes=\"auto, (max-width: 1200px) 100vw, 1200px\" \/><\/a><div class='slide-content'><header class=\"entry-content-header\"><h3 class='slide-entry-title entry-title'  itemprop=\"headline\" ><a href='https:\/\/www.caroline-francois-rubino.com\/en\/artists-books\/' title='\u2014 Artists&#039; books \u2014 Collections \u2014'>\u2014 Artists' books \u2014 Collections \u2014<\/a><\/h3><span class=\"av-vertical-delimiter\"><\/span><\/header><\/div><footer class=\"entry-footer\"><\/footer><span class='hidden'>\n\t\t\t<span class='av-structured-data'  itemprop=\"ImageObject\" itemscope=\"itemscope\" itemtype=\"https:\/\/schema.org\/ImageObject\"  itemprop='image'>\n\t\t\t\t\t   <span itemprop='url' >https:\/\/www.caroline-francois-rubino.com\/wp-content\/uploads\/2021\/04\/IMG_0615-1.jpg<\/span>\n\t\t\t\t\t   <span itemprop='height' >3024<\/span>\n\t\t\t\t\t   <span itemprop='width' >4032<\/span>\n\t\t\t\t  <\/span><span class='av-structured-data'  itemprop=\"publisher\" itemtype=\"https:\/\/schema.org\/Organization\" itemscope=\"itemscope\" >\n\t\t\t\t<span itemprop='name'>Caroline Fran\u00e7ois-Rubino<\/span>\n\t\t\t\t<span itemprop='logo' itemscope itemtype='http:\/\/schema.org\/ImageObject'>\n\t\t\t\t   <span itemprop='url'>http:\/\/www.caroline-francois-rubino.com\/wp-content\/uploads\/2018\/10\/CFR-logo-3.png<\/span>\n\t\t\t\t <\/span>\n\t\t\t  <\/span><span class='av-structured-data'  itemprop=\"author\" itemscope=\"itemscope\" itemtype=\"https:\/\/schema.org\/Person\" ><span itemprop='name'>Caroline Fran\u00e7ois-Rubino<\/span><\/span><span class='av-structured-data'  itemprop=\"datePublished\" datetime=\"2024-06-14T15:03:38+02:00\" >2026-04-01 20:25:21<\/span><span class='av-structured-data'  itemprop=\"dateModified\" itemtype=\"https:\/\/schema.org\/dateModified\" >2024-11-11 18:12:14<\/span><span class='av-structured-data'  itemprop=\"mainEntityOfPage\" itemtype=\"https:\/\/schema.org\/mainEntityOfPage\" ><span itemprop='name'>\u2014 Artists' books \u2014 Collections \u2014<\/span><\/span><\/span><\/article><article class='slide-entry flex_column  post-entry post-entry-5783 slide-entry-overview slide-loop-2 slide-parity-even  av_one_third  real-thumbnail'  itemscope=\"itemscope\" itemtype=\"https:\/\/schema.org\/BlogPosting\" itemprop=\"blogPost\" ><a href='https:\/\/www.caroline-francois-rubino.com\/en\/la-grace-des-faux-pas-sabine-dewulf\/' data-rel='slide-1' class='slide-image' title=''><img loading=\"lazy\" decoding=\"async\" width=\"400\" height=\"582\" src=\"https:\/\/www.caroline-francois-rubino.com\/wp-content\/uploads\/2026\/04\/645302382_26069628729369802_9023502281755886695_n.jpg\" class=\"attachment-large size-large wp-post-image\" alt=\"\" srcset=\"https:\/\/www.caroline-francois-rubino.com\/wp-content\/uploads\/2026\/04\/645302382_26069628729369802_9023502281755886695_n.jpg 400w, https:\/\/www.caroline-francois-rubino.com\/wp-content\/uploads\/2026\/04\/645302382_26069628729369802_9023502281755886695_n-206x300.jpg 206w\" sizes=\"auto, (max-width: 400px) 100vw, 400px\" \/><\/a><div class='slide-content'><header class=\"entry-content-header\"><h3 class='slide-entry-title entry-title'  itemprop=\"headline\" ><a href='https:\/\/www.caroline-francois-rubino.com\/en\/la-grace-des-faux-pas-sabine-dewulf\/' title='La gr\u00e2ce des faux pas - Sabine Dewulf'>La gr\u00e2ce des faux pas - Sabine Dewulf<\/a><\/h3><span class=\"av-vertical-delimiter\"><\/span><\/header><\/div><footer class=\"entry-footer\"><\/footer><span class='hidden'>\n\t\t\t<span class='av-structured-data'  itemprop=\"ImageObject\" itemscope=\"itemscope\" itemtype=\"https:\/\/schema.org\/ImageObject\"  itemprop='image'>\n\t\t\t\t\t   <span itemprop='url' >https:\/\/www.caroline-francois-rubino.com\/wp-content\/uploads\/2026\/04\/645302382_26069628729369802_9023502281755886695_n.jpg<\/span>\n\t\t\t\t\t   <span itemprop='height' >582<\/span>\n\t\t\t\t\t   <span itemprop='width' >400<\/span>\n\t\t\t\t  <\/span><span class='av-structured-data'  itemprop=\"publisher\" itemtype=\"https:\/\/schema.org\/Organization\" itemscope=\"itemscope\" >\n\t\t\t\t<span itemprop='name'>Caroline Fran\u00e7ois-Rubino<\/span>\n\t\t\t\t<span itemprop='logo' itemscope itemtype='http:\/\/schema.org\/ImageObject'>\n\t\t\t\t   <span itemprop='url'>http:\/\/www.caroline-francois-rubino.com\/wp-content\/uploads\/2018\/10\/CFR-logo-3.png<\/span>\n\t\t\t\t <\/span>\n\t\t\t  <\/span><span class='av-structured-data'  itemprop=\"author\" itemscope=\"itemscope\" itemtype=\"https:\/\/schema.org\/Person\" ><span itemprop='name'>Caroline Fran\u00e7ois-Rubino<\/span><\/span><span class='av-structured-data'  itemprop=\"datePublished\" datetime=\"2024-06-14T15:03:38+02:00\" >2026-04-01 20:21:14<\/span><span class='av-structured-data'  itemprop=\"dateModified\" itemtype=\"https:\/\/schema.org\/dateModified\" >2026-04-01 20:38:13<\/span><span class='av-structured-data'  itemprop=\"mainEntityOfPage\" itemtype=\"https:\/\/schema.org\/mainEntityOfPage\" ><span itemprop='name'>La gr\u00e2ce des faux pas - Sabine Dewulf<\/span><\/span><\/span><\/article><article class='slide-entry flex_column  post-entry post-entry-5766 slide-entry-overview slide-loop-3 slide-parity-odd  av_one_third  real-thumbnail'  itemscope=\"itemscope\" itemtype=\"https:\/\/schema.org\/BlogPosting\" itemprop=\"blogPost\" ><a href='https:\/\/www.caroline-francois-rubino.com\/en\/larriere-silence-michele-finck\/' data-rel='slide-1' class='slide-image' title=''><img loading=\"lazy\" decoding=\"async\" width=\"400\" height=\"604\" src=\"https:\/\/www.caroline-francois-rubino.com\/wp-content\/uploads\/2026\/01\/L-arriere-silence-copie.jpg\" class=\"attachment-large size-large wp-post-image\" alt=\"\" srcset=\"https:\/\/www.caroline-francois-rubino.com\/wp-content\/uploads\/2026\/01\/L-arriere-silence-copie.jpg 400w, https:\/\/www.caroline-francois-rubino.com\/wp-content\/uploads\/2026\/01\/L-arriere-silence-copie-199x300.jpg 199w\" sizes=\"auto, (max-width: 400px) 100vw, 400px\" \/><\/a><div class='slide-content'><header class=\"entry-content-header\"><h3 class='slide-entry-title entry-title'  itemprop=\"headline\" ><a href='https:\/\/www.caroline-francois-rubino.com\/en\/larriere-silence-michele-finck\/' title='L&#039;arri\u00e8re-silence - Mich\u00e8le Finck'>L'arri\u00e8re-silence - Mich\u00e8le Finck<\/a><\/h3><span class=\"av-vertical-delimiter\"><\/span><\/header><\/div><footer class=\"entry-footer\"><\/footer><span class='hidden'>\n\t\t\t<span class='av-structured-data'  itemprop=\"ImageObject\" itemscope=\"itemscope\" itemtype=\"https:\/\/schema.org\/ImageObject\"  itemprop='image'>\n\t\t\t\t\t   <span itemprop='url' >https:\/\/www.caroline-francois-rubino.com\/wp-content\/uploads\/2026\/01\/L-arriere-silence-copie.jpg<\/span>\n\t\t\t\t\t   <span itemprop='height' >604<\/span>\n\t\t\t\t\t   <span itemprop='width' >400<\/span>\n\t\t\t\t  <\/span><span class='av-structured-data'  itemprop=\"publisher\" itemtype=\"https:\/\/schema.org\/Organization\" itemscope=\"itemscope\" >\n\t\t\t\t<span itemprop='name'>Caroline Fran\u00e7ois-Rubino<\/span>\n\t\t\t\t<span itemprop='logo' itemscope itemtype='http:\/\/schema.org\/ImageObject'>\n\t\t\t\t   <span itemprop='url'>http:\/\/www.caroline-francois-rubino.com\/wp-content\/uploads\/2018\/10\/CFR-logo-3.png<\/span>\n\t\t\t\t <\/span>\n\t\t\t  <\/span><span class='av-structured-data'  itemprop=\"author\" itemscope=\"itemscope\" itemtype=\"https:\/\/schema.org\/Person\" ><span itemprop='name'>Caroline Fran\u00e7ois-Rubino<\/span><\/span><span class='av-structured-data'  itemprop=\"datePublished\" datetime=\"2024-06-14T15:03:38+02:00\" >2026-01-15 16:28:59<\/span><span class='av-structured-data'  itemprop=\"dateModified\" itemtype=\"https:\/\/schema.org\/dateModified\" >2026-04-01 20:27:16<\/span><span class='av-structured-data'  itemprop=\"mainEntityOfPage\" itemtype=\"https:\/\/schema.org\/mainEntityOfPage\" ><span itemprop='name'>L'arri\u00e8re-silence - Mich\u00e8le Finck<\/span><\/span><\/span><\/article><\/div><div class='slide-entry-wrap'><article class='slide-entry flex_column  post-entry post-entry-5747 slide-entry-overview slide-loop-4 slide-parity-odd  av_one_third first real-thumbnail'  itemscope=\"itemscope\" itemtype=\"https:\/\/schema.org\/BlogPosting\" itemprop=\"blogPost\" ><a href='https:\/\/www.caroline-francois-rubino.com\/en\/bibliotheques-des-nuages-poesie-espaces-representations-sous-la-direction-de-agnes-callu\/' data-rel='slide-1' class='slide-image' title=''><img loading=\"lazy\" decoding=\"async\" width=\"979\" height=\"1200\" src=\"https:\/\/www.caroline-francois-rubino.com\/wp-content\/uploads\/2025\/12\/Bibliotheques-des-nuages-couverture-979x1200.jpg\" class=\"attachment-large size-large wp-post-image\" alt=\"\" srcset=\"https:\/\/www.caroline-francois-rubino.com\/wp-content\/uploads\/2025\/12\/Bibliotheques-des-nuages-couverture-979x1200.jpg 979w, https:\/\/www.caroline-francois-rubino.com\/wp-content\/uploads\/2025\/12\/Bibliotheques-des-nuages-couverture-245x300.jpg 245w, https:\/\/www.caroline-francois-rubino.com\/wp-content\/uploads\/2025\/12\/Bibliotheques-des-nuages-couverture-768x941.jpg 768w, https:\/\/www.caroline-francois-rubino.com\/wp-content\/uploads\/2025\/12\/Bibliotheques-des-nuages-couverture-1254x1536.jpg 1254w, https:\/\/www.caroline-francois-rubino.com\/wp-content\/uploads\/2025\/12\/Bibliotheques-des-nuages-couverture-1224x1500.jpg 1224w, https:\/\/www.caroline-francois-rubino.com\/wp-content\/uploads\/2025\/12\/Bibliotheques-des-nuages-couverture-575x705.jpg 575w, https:\/\/www.caroline-francois-rubino.com\/wp-content\/uploads\/2025\/12\/Bibliotheques-des-nuages-couverture-450x551.jpg 450w, https:\/\/www.caroline-francois-rubino.com\/wp-content\/uploads\/2025\/12\/Bibliotheques-des-nuages-couverture.jpg 1297w\" sizes=\"auto, (max-width: 979px) 100vw, 979px\" \/><\/a><div class='slide-content'><header class=\"entry-content-header\"><h3 class='slide-entry-title entry-title'  itemprop=\"headline\" ><a href='https:\/\/www.caroline-francois-rubino.com\/en\/bibliotheques-des-nuages-poesie-espaces-representations-sous-la-direction-de-agnes-callu\/' title='Biblioth\u00e8que(s) des nuages - po\u00e9sie, espaces &amp; repr\u00e9sentations - sous la direction de Agn\u00e8s Callu'>Biblioth\u00e8que(s) des nuages - po\u00e9sie, espaces & repr\u00e9sentations - sous la direction de Agn\u00e8s Callu<\/a><\/h3><span class=\"av-vertical-delimiter\"><\/span><\/header><\/div><footer class=\"entry-footer\"><\/footer><span class='hidden'>\n\t\t\t<span class='av-structured-data'  itemprop=\"ImageObject\" itemscope=\"itemscope\" itemtype=\"https:\/\/schema.org\/ImageObject\"  itemprop='image'>\n\t\t\t\t\t   <span itemprop='url' >https:\/\/www.caroline-francois-rubino.com\/wp-content\/uploads\/2025\/12\/Bibliotheques-des-nuages-couverture.jpg<\/span>\n\t\t\t\t\t   <span itemprop='height' >1589<\/span>\n\t\t\t\t\t   <span itemprop='width' >1297<\/span>\n\t\t\t\t  <\/span><span class='av-structured-data'  itemprop=\"publisher\" itemtype=\"https:\/\/schema.org\/Organization\" itemscope=\"itemscope\" >\n\t\t\t\t<span itemprop='name'>Caroline Fran\u00e7ois-Rubino<\/span>\n\t\t\t\t<span itemprop='logo' itemscope itemtype='http:\/\/schema.org\/ImageObject'>\n\t\t\t\t   <span itemprop='url'>http:\/\/www.caroline-francois-rubino.com\/wp-content\/uploads\/2018\/10\/CFR-logo-3.png<\/span>\n\t\t\t\t <\/span>\n\t\t\t  <\/span><span class='av-structured-data'  itemprop=\"author\" itemscope=\"itemscope\" itemtype=\"https:\/\/schema.org\/Person\" ><span itemprop='name'>Caroline Fran\u00e7ois-Rubino<\/span><\/span><span class='av-structured-data'  itemprop=\"datePublished\" datetime=\"2024-06-14T15:03:38+02:00\" >2025-12-09 18:54:45<\/span><span class='av-structured-data'  itemprop=\"dateModified\" itemtype=\"https:\/\/schema.org\/dateModified\" >2025-12-09 19:45:18<\/span><span class='av-structured-data'  itemprop=\"mainEntityOfPage\" itemtype=\"https:\/\/schema.org\/mainEntityOfPage\" ><span itemprop='name'>Biblioth\u00e8que(s) des nuages - po\u00e9sie, espaces & repr\u00e9sentations - sous la direction de Agn\u00e8s Callu<\/span><\/span><\/span><\/article><article class='slide-entry flex_column  post-entry post-entry-5700 slide-entry-overview slide-loop-5 slide-parity-even  av_one_third  real-thumbnail'  itemscope=\"itemscope\" itemtype=\"https:\/\/schema.org\/BlogPosting\" itemprop=\"blogPost\" ><a href='https:\/\/www.caroline-francois-rubino.com\/en\/vivre-ecrire-dialogues-sur-la-poesie-michele-finck\/' data-rel='slide-1' class='slide-image' title=''><img loading=\"lazy\" decoding=\"async\" width=\"786\" height=\"1198\" src=\"https:\/\/www.caroline-francois-rubino.com\/wp-content\/uploads\/2025\/09\/thumbnail_1ere.jpg\" class=\"attachment-large size-large wp-post-image\" alt=\"\" srcset=\"https:\/\/www.caroline-francois-rubino.com\/wp-content\/uploads\/2025\/09\/thumbnail_1ere.jpg 786w, https:\/\/www.caroline-francois-rubino.com\/wp-content\/uploads\/2025\/09\/thumbnail_1ere-197x300.jpg 197w, https:\/\/www.caroline-francois-rubino.com\/wp-content\/uploads\/2025\/09\/thumbnail_1ere-768x1171.jpg 768w, https:\/\/www.caroline-francois-rubino.com\/wp-content\/uploads\/2025\/09\/thumbnail_1ere-463x705.jpg 463w, https:\/\/www.caroline-francois-rubino.com\/wp-content\/uploads\/2025\/09\/thumbnail_1ere-450x686.jpg 450w\" sizes=\"auto, (max-width: 786px) 100vw, 786px\" \/><\/a><div class='slide-content'><header class=\"entry-content-header\"><h3 class='slide-entry-title entry-title'  itemprop=\"headline\" ><a href='https:\/\/www.caroline-francois-rubino.com\/en\/vivre-ecrire-dialogues-sur-la-poesie-michele-finck\/' title='vivre, \u00e9crire - dialogues sur la po\u00e9sie - Mich\u00e8le Finck'>vivre, \u00e9crire - dialogues sur la po\u00e9sie - Mich\u00e8le Finck<\/a><\/h3><span class=\"av-vertical-delimiter\"><\/span><\/header><\/div><footer class=\"entry-footer\"><\/footer><span class='hidden'>\n\t\t\t<span class='av-structured-data'  itemprop=\"ImageObject\" itemscope=\"itemscope\" itemtype=\"https:\/\/schema.org\/ImageObject\"  itemprop='image'>\n\t\t\t\t\t   <span itemprop='url' >https:\/\/www.caroline-francois-rubino.com\/wp-content\/uploads\/2025\/09\/thumbnail_1ere.jpg<\/span>\n\t\t\t\t\t   <span itemprop='height' >1198<\/span>\n\t\t\t\t\t   <span itemprop='width' >786<\/span>\n\t\t\t\t  <\/span><span class='av-structured-data'  itemprop=\"publisher\" itemtype=\"https:\/\/schema.org\/Organization\" itemscope=\"itemscope\" >\n\t\t\t\t<span itemprop='name'>Caroline Fran\u00e7ois-Rubino<\/span>\n\t\t\t\t<span itemprop='logo' itemscope itemtype='http:\/\/schema.org\/ImageObject'>\n\t\t\t\t   <span itemprop='url'>http:\/\/www.caroline-francois-rubino.com\/wp-content\/uploads\/2018\/10\/CFR-logo-3.png<\/span>\n\t\t\t\t <\/span>\n\t\t\t  <\/span><span class='av-structured-data'  itemprop=\"author\" itemscope=\"itemscope\" itemtype=\"https:\/\/schema.org\/Person\" ><span itemprop='name'>Caroline Fran\u00e7ois-Rubino<\/span><\/span><span class='av-structured-data'  itemprop=\"datePublished\" datetime=\"2024-06-14T15:03:38+02:00\" >2025-09-25 19:58:50<\/span><span class='av-structured-data'  itemprop=\"dateModified\" itemtype=\"https:\/\/schema.org\/dateModified\" >2025-11-11 19:18:19<\/span><span class='av-structured-data'  itemprop=\"mainEntityOfPage\" itemtype=\"https:\/\/schema.org\/mainEntityOfPage\" ><span itemprop='name'>vivre, \u00e9crire - dialogues sur la po\u00e9sie - Mich\u00e8le Finck<\/span><\/span><\/span><\/article><article class='slide-entry flex_column  post-entry post-entry-5628 slide-entry-overview slide-loop-6 slide-parity-odd  av_one_third  real-thumbnail'  itemscope=\"itemscope\" itemtype=\"https:\/\/schema.org\/BlogPosting\" itemprop=\"blogPost\" ><a href='https:\/\/www.caroline-francois-rubino.com\/en\/linstant-couleur-detre-calou-semin\/' data-rel='slide-1' class='slide-image' title=''><img loading=\"lazy\" decoding=\"async\" width=\"811\" height=\"1200\" src=\"https:\/\/www.caroline-francois-rubino.com\/wp-content\/uploads\/2025\/05\/Linstant-couleur-d\u00eatre-couv-811x1200.jpg\" class=\"attachment-large size-large wp-post-image\" alt=\"\" srcset=\"https:\/\/www.caroline-francois-rubino.com\/wp-content\/uploads\/2025\/05\/Linstant-couleur-d\u00eatre-couv-811x1200.jpg 811w, https:\/\/www.caroline-francois-rubino.com\/wp-content\/uploads\/2025\/05\/Linstant-couleur-d\u00eatre-couv-203x300.jpg 203w, https:\/\/www.caroline-francois-rubino.com\/wp-content\/uploads\/2025\/05\/Linstant-couleur-d\u00eatre-couv-768x1137.jpg 768w, https:\/\/www.caroline-francois-rubino.com\/wp-content\/uploads\/2025\/05\/Linstant-couleur-d\u00eatre-couv-1013x1500.jpg 1013w, https:\/\/www.caroline-francois-rubino.com\/wp-content\/uploads\/2025\/05\/Linstant-couleur-d\u00eatre-couv-476x705.jpg 476w, https:\/\/www.caroline-francois-rubino.com\/wp-content\/uploads\/2025\/05\/Linstant-couleur-d\u00eatre-couv-450x666.jpg 450w, https:\/\/www.caroline-francois-rubino.com\/wp-content\/uploads\/2025\/05\/Linstant-couleur-d\u00eatre-couv.jpg 1920w\" sizes=\"auto, (max-width: 811px) 100vw, 811px\" \/><\/a><div class='slide-content'><header class=\"entry-content-header\"><h3 class='slide-entry-title entry-title'  itemprop=\"headline\" ><a href='https:\/\/www.caroline-francois-rubino.com\/en\/linstant-couleur-detre-calou-semin\/' title='L&#039;instant couleur d&#039;\u00eatre - Calou Semin'>L'instant couleur d'\u00eatre - Calou Semin<\/a><\/h3><span class=\"av-vertical-delimiter\"><\/span><\/header><\/div><footer class=\"entry-footer\"><\/footer><span class='hidden'>\n\t\t\t<span class='av-structured-data'  itemprop=\"ImageObject\" itemscope=\"itemscope\" itemtype=\"https:\/\/schema.org\/ImageObject\"  itemprop='image'>\n\t\t\t\t\t   <span itemprop='url' >https:\/\/www.caroline-francois-rubino.com\/wp-content\/uploads\/2025\/05\/Linstant-couleur-d\u00eatre-couv.jpg<\/span>\n\t\t\t\t\t   <span itemprop='height' >2842<\/span>\n\t\t\t\t\t   <span itemprop='width' >1920<\/span>\n\t\t\t\t  <\/span><span class='av-structured-data'  itemprop=\"publisher\" itemtype=\"https:\/\/schema.org\/Organization\" itemscope=\"itemscope\" >\n\t\t\t\t<span itemprop='name'>Caroline Fran\u00e7ois-Rubino<\/span>\n\t\t\t\t<span itemprop='logo' itemscope itemtype='http:\/\/schema.org\/ImageObject'>\n\t\t\t\t   <span itemprop='url'>http:\/\/www.caroline-francois-rubino.com\/wp-content\/uploads\/2018\/10\/CFR-logo-3.png<\/span>\n\t\t\t\t <\/span>\n\t\t\t  <\/span><span class='av-structured-data'  itemprop=\"author\" itemscope=\"itemscope\" itemtype=\"https:\/\/schema.org\/Person\" ><span itemprop='name'>Caroline Fran\u00e7ois-Rubino<\/span><\/span><span class='av-structured-data'  itemprop=\"datePublished\" datetime=\"2024-06-14T15:03:38+02:00\" >2025-05-19 19:34:33<\/span><span class='av-structured-data'  itemprop=\"dateModified\" itemtype=\"https:\/\/schema.org\/dateModified\" >2026-04-01 20:30:32<\/span><span class='av-structured-data'  itemprop=\"mainEntityOfPage\" itemtype=\"https:\/\/schema.org\/mainEntityOfPage\" ><span itemprop='name'>L'instant couleur d'\u00eatre - Calou Semin<\/span><\/span><\/span><\/article><\/div><div class='slide-entry-wrap'><article class='slide-entry flex_column  post-entry post-entry-5621 slide-entry-overview slide-loop-7 slide-parity-odd  av_one_third first real-thumbnail'  itemscope=\"itemscope\" itemtype=\"https:\/\/schema.org\/BlogPosting\" itemprop=\"blogPost\" ><a href='https:\/\/www.caroline-francois-rubino.com\/en\/un-jour-les-etoiles-aurelie-allexandre-dalbronn-isabelle-junca\/' data-rel='slide-1' class='slide-image' title=''><img loading=\"lazy\" decoding=\"async\" width=\"851\" height=\"1200\" src=\"https:\/\/www.caroline-francois-rubino.com\/wp-content\/uploads\/2025\/05\/Un-jour-les-\u00e9toiles-couv-851x1200.jpg\" class=\"attachment-large size-large wp-post-image\" alt=\"\" srcset=\"https:\/\/www.caroline-francois-rubino.com\/wp-content\/uploads\/2025\/05\/Un-jour-les-\u00e9toiles-couv-851x1200.jpg 851w, https:\/\/www.caroline-francois-rubino.com\/wp-content\/uploads\/2025\/05\/Un-jour-les-\u00e9toiles-couv-213x300.jpg 213w, https:\/\/www.caroline-francois-rubino.com\/wp-content\/uploads\/2025\/05\/Un-jour-les-\u00e9toiles-couv-768x1082.jpg 768w, https:\/\/www.caroline-francois-rubino.com\/wp-content\/uploads\/2025\/05\/Un-jour-les-\u00e9toiles-couv-1064x1500.jpg 1064w, https:\/\/www.caroline-francois-rubino.com\/wp-content\/uploads\/2025\/05\/Un-jour-les-\u00e9toiles-couv-500x705.jpg 500w, https:\/\/www.caroline-francois-rubino.com\/wp-content\/uploads\/2025\/05\/Un-jour-les-\u00e9toiles-couv-450x634.jpg 450w, https:\/\/www.caroline-francois-rubino.com\/wp-content\/uploads\/2025\/05\/Un-jour-les-\u00e9toiles-couv.jpg 1920w\" sizes=\"auto, (max-width: 851px) 100vw, 851px\" \/><\/a><div class='slide-content'><header class=\"entry-content-header\"><h3 class='slide-entry-title entry-title'  itemprop=\"headline\" ><a href='https:\/\/www.caroline-francois-rubino.com\/en\/un-jour-les-etoiles-aurelie-allexandre-dalbronn-isabelle-junca\/' title='Un jour les \u00e9toiles - Aur\u00e9lie Allexandre d&#039;Albronn &amp; Isabelle Junca'>Un jour les \u00e9toiles - Aur\u00e9lie Allexandre d'Albronn & Isabelle Junca<\/a><\/h3><span class=\"av-vertical-delimiter\"><\/span><\/header><\/div><footer class=\"entry-footer\"><\/footer><span class='hidden'>\n\t\t\t<span class='av-structured-data'  itemprop=\"ImageObject\" itemscope=\"itemscope\" itemtype=\"https:\/\/schema.org\/ImageObject\"  itemprop='image'>\n\t\t\t\t\t   <span itemprop='url' >https:\/\/www.caroline-francois-rubino.com\/wp-content\/uploads\/2025\/05\/Un-jour-les-\u00e9toiles-couv.jpg<\/span>\n\t\t\t\t\t   <span itemprop='height' >2706<\/span>\n\t\t\t\t\t   <span itemprop='width' >1920<\/span>\n\t\t\t\t  <\/span><span class='av-structured-data'  itemprop=\"publisher\" itemtype=\"https:\/\/schema.org\/Organization\" itemscope=\"itemscope\" >\n\t\t\t\t<span itemprop='name'>Caroline Fran\u00e7ois-Rubino<\/span>\n\t\t\t\t<span itemprop='logo' itemscope itemtype='http:\/\/schema.org\/ImageObject'>\n\t\t\t\t   <span itemprop='url'>http:\/\/www.caroline-francois-rubino.com\/wp-content\/uploads\/2018\/10\/CFR-logo-3.png<\/span>\n\t\t\t\t <\/span>\n\t\t\t  <\/span><span class='av-structured-data'  itemprop=\"author\" itemscope=\"itemscope\" itemtype=\"https:\/\/schema.org\/Person\" ><span itemprop='name'>Caroline Fran\u00e7ois-Rubino<\/span><\/span><span class='av-structured-data'  itemprop=\"datePublished\" datetime=\"2024-06-14T15:03:38+02:00\" >2025-05-19 19:02:02<\/span><span class='av-structured-data'  itemprop=\"dateModified\" itemtype=\"https:\/\/schema.org\/dateModified\" >2025-05-19 19:05:20<\/span><span class='av-structured-data'  itemprop=\"mainEntityOfPage\" itemtype=\"https:\/\/schema.org\/mainEntityOfPage\" ><span itemprop='name'>Un jour les \u00e9toiles - Aur\u00e9lie Allexandre d'Albronn & Isabelle Junca<\/span><\/span><\/span><\/article><article class='slide-entry flex_column  post-entry post-entry-5382 slide-entry-overview slide-loop-8 slide-parity-even  av_one_third  real-thumbnail'  itemscope=\"itemscope\" itemtype=\"https:\/\/schema.org\/BlogPosting\" itemprop=\"blogPost\" ><a href='https:\/\/www.caroline-francois-rubino.com\/en\/ou-se-cache-la-soif-sabine-dewulf\/' data-rel='slide-1' class='slide-image' title=''><img loading=\"lazy\" decoding=\"async\" width=\"1200\" height=\"864\" src=\"https:\/\/www.caroline-francois-rubino.com\/wp-content\/uploads\/2024\/06\/O\u00f9-se-cache-la-soif-Sabine-Dewulf-1200x864.jpg\" class=\"attachment-large size-large wp-post-image\" alt=\"\" srcset=\"https:\/\/www.caroline-francois-rubino.com\/wp-content\/uploads\/2024\/06\/O\u00f9-se-cache-la-soif-Sabine-Dewulf-1200x864.jpg 1200w, https:\/\/www.caroline-francois-rubino.com\/wp-content\/uploads\/2024\/06\/O\u00f9-se-cache-la-soif-Sabine-Dewulf-300x216.jpg 300w, https:\/\/www.caroline-francois-rubino.com\/wp-content\/uploads\/2024\/06\/O\u00f9-se-cache-la-soif-Sabine-Dewulf-768x553.jpg 768w, https:\/\/www.caroline-francois-rubino.com\/wp-content\/uploads\/2024\/06\/O\u00f9-se-cache-la-soif-Sabine-Dewulf-1500x1080.jpg 1500w, https:\/\/www.caroline-francois-rubino.com\/wp-content\/uploads\/2024\/06\/O\u00f9-se-cache-la-soif-Sabine-Dewulf-705x508.jpg 705w, https:\/\/www.caroline-francois-rubino.com\/wp-content\/uploads\/2024\/06\/O\u00f9-se-cache-la-soif-Sabine-Dewulf-450x324.jpg 450w, https:\/\/www.caroline-francois-rubino.com\/wp-content\/uploads\/2024\/06\/O\u00f9-se-cache-la-soif-Sabine-Dewulf.jpg 2048w\" sizes=\"auto, (max-width: 1200px) 100vw, 1200px\" \/><\/a><div class='slide-content'><header class=\"entry-content-header\"><h3 class='slide-entry-title entry-title'  itemprop=\"headline\" ><a href='https:\/\/www.caroline-francois-rubino.com\/en\/ou-se-cache-la-soif-sabine-dewulf\/' title='O\u00f9 se cache la soif - Sabine Dewulf'>O\u00f9 se cache la soif - Sabine Dewulf<\/a><\/h3><span class=\"av-vertical-delimiter\"><\/span><\/header><\/div><footer class=\"entry-footer\"><\/footer><span class='hidden'>\n\t\t\t<span class='av-structured-data'  itemprop=\"ImageObject\" itemscope=\"itemscope\" itemtype=\"https:\/\/schema.org\/ImageObject\"  itemprop='image'>\n\t\t\t\t\t   <span itemprop='url' >https:\/\/www.caroline-francois-rubino.com\/wp-content\/uploads\/2024\/06\/O\u00f9-se-cache-la-soif-Sabine-Dewulf.jpg<\/span>\n\t\t\t\t\t   <span itemprop='height' >1475<\/span>\n\t\t\t\t\t   <span itemprop='width' >2048<\/span>\n\t\t\t\t  <\/span><span class='av-structured-data'  itemprop=\"publisher\" itemtype=\"https:\/\/schema.org\/Organization\" itemscope=\"itemscope\" >\n\t\t\t\t<span itemprop='name'>Caroline Fran\u00e7ois-Rubino<\/span>\n\t\t\t\t<span itemprop='logo' itemscope itemtype='http:\/\/schema.org\/ImageObject'>\n\t\t\t\t   <span itemprop='url'>http:\/\/www.caroline-francois-rubino.com\/wp-content\/uploads\/2018\/10\/CFR-logo-3.png<\/span>\n\t\t\t\t <\/span>\n\t\t\t  <\/span><span class='av-structured-data'  itemprop=\"author\" itemscope=\"itemscope\" itemtype=\"https:\/\/schema.org\/Person\" ><span itemprop='name'>Caroline Fran\u00e7ois-Rubino<\/span><\/span><span class='av-structured-data'  itemprop=\"datePublished\" datetime=\"2024-06-14T15:03:38+02:00\" >2024-06-28 15:53:57<\/span><span class='av-structured-data'  itemprop=\"dateModified\" itemtype=\"https:\/\/schema.org\/dateModified\" >2024-12-15 21:58:29<\/span><span class='av-structured-data'  itemprop=\"mainEntityOfPage\" itemtype=\"https:\/\/schema.org\/mainEntityOfPage\" ><span itemprop='name'>O\u00f9 se cache la soif - Sabine Dewulf<\/span><\/span><\/span><\/article><article class='slide-entry flex_column  post-entry post-entry-5328 slide-entry-overview slide-loop-9 slide-parity-odd  post-entry-last  av_one_third  real-thumbnail'  itemscope=\"itemscope\" itemtype=\"https:\/\/schema.org\/BlogPosting\" itemprop=\"blogPost\" ><a href='https:\/\/www.caroline-francois-rubino.com\/en\/le-lieu-de-la-lueur-erwann-rouge\/' data-rel='slide-1' class='slide-image' title=''><img loading=\"lazy\" decoding=\"async\" width=\"786\" height=\"1200\" src=\"https:\/\/www.caroline-francois-rubino.com\/wp-content\/uploads\/2024\/06\/Cahiers-du-Loup-Bleu-Erwann-Roug\u00e9-786x1200.jpg\" class=\"attachment-large size-large wp-post-image\" alt=\"\" srcset=\"https:\/\/www.caroline-francois-rubino.com\/wp-content\/uploads\/2024\/06\/Cahiers-du-Loup-Bleu-Erwann-Roug\u00e9-786x1200.jpg 786w, https:\/\/www.caroline-francois-rubino.com\/wp-content\/uploads\/2024\/06\/Cahiers-du-Loup-Bleu-Erwann-Roug\u00e9-196x300.jpg 196w, https:\/\/www.caroline-francois-rubino.com\/wp-content\/uploads\/2024\/06\/Cahiers-du-Loup-Bleu-Erwann-Roug\u00e9-768x1173.jpg 768w, https:\/\/www.caroline-francois-rubino.com\/wp-content\/uploads\/2024\/06\/Cahiers-du-Loup-Bleu-Erwann-Roug\u00e9-982x1500.jpg 982w, https:\/\/www.caroline-francois-rubino.com\/wp-content\/uploads\/2024\/06\/Cahiers-du-Loup-Bleu-Erwann-Roug\u00e9-461x705.jpg 461w, https:\/\/www.caroline-francois-rubino.com\/wp-content\/uploads\/2024\/06\/Cahiers-du-Loup-Bleu-Erwann-Roug\u00e9-450x687.jpg 450w\" sizes=\"auto, (max-width: 786px) 100vw, 786px\" \/><\/a><div class='slide-content'><header class=\"entry-content-header\"><h3 class='slide-entry-title entry-title'  itemprop=\"headline\" ><a href='https:\/\/www.caroline-francois-rubino.com\/en\/le-lieu-de-la-lueur-erwann-rouge\/' title='le lieu de la lueur - Erwann Roug\u00e9'>le lieu de la lueur - Erwann Roug\u00e9<\/a><\/h3><span class=\"av-vertical-delimiter\"><\/span><\/header><\/div><footer class=\"entry-footer\"><\/footer><span class='hidden'>\n\t\t\t<span class='av-structured-data'  itemprop=\"ImageObject\" itemscope=\"itemscope\" itemtype=\"https:\/\/schema.org\/ImageObject\"  itemprop='image'>\n\t\t\t\t\t   <span itemprop='url' >https:\/\/www.caroline-francois-rubino.com\/wp-content\/uploads\/2024\/06\/Cahiers-du-Loup-Bleu-Erwann-Roug\u00e9.jpg<\/span>\n\t\t\t\t\t   <span itemprop='height' >4974<\/span>\n\t\t\t\t\t   <span itemprop='width' >3256<\/span>\n\t\t\t\t  <\/span><span class='av-structured-data'  itemprop=\"publisher\" itemtype=\"https:\/\/schema.org\/Organization\" itemscope=\"itemscope\" >\n\t\t\t\t<span itemprop='name'>Caroline Fran\u00e7ois-Rubino<\/span>\n\t\t\t\t<span itemprop='logo' itemscope itemtype='http:\/\/schema.org\/ImageObject'>\n\t\t\t\t   <span itemprop='url'>http:\/\/www.caroline-francois-rubino.com\/wp-content\/uploads\/2018\/10\/CFR-logo-3.png<\/span>\n\t\t\t\t <\/span>\n\t\t\t  <\/span><span class='av-structured-data'  itemprop=\"author\" itemscope=\"itemscope\" itemtype=\"https:\/\/schema.org\/Person\" ><span itemprop='name'>Caroline Fran\u00e7ois-Rubino<\/span><\/span><span class='av-structured-data'  itemprop=\"datePublished\" datetime=\"2024-06-14T15:03:38+02:00\" >2024-06-14 15:03:38<\/span><span class='av-structured-data'  itemprop=\"dateModified\" itemtype=\"https:\/\/schema.org\/dateModified\" >2024-06-14 15:09:53<\/span><span class='av-structured-data'  itemprop=\"mainEntityOfPage\" itemtype=\"https:\/\/schema.org\/mainEntityOfPage\" ><span itemprop='name'>le lieu de la lueur - Erwann Roug\u00e9<\/span><\/span><\/span><\/article><\/div><\/div><div class='pagination-wrap pagination-slider'><nav class='pagination'><span class='pagination-meta'>Page 1 of 6<\/span><span class='current'>1<\/span><a href='https:\/\/www.caroline-francois-rubino.com\/en\/wp-json\/wp\/v2\/pages\/496\/page\/2\/' class='inactive' >2<\/a><a href='https:\/\/www.caroline-francois-rubino.com\/en\/wp-json\/wp\/v2\/pages\/496\/page\/3\/' class='inactive' >3<\/a><a href='https:\/\/www.caroline-francois-rubino.com\/en\/wp-json\/wp\/v2\/pages\/496\/page\/2\/'>&rsaquo;<\/a><a href='https:\/\/www.caroline-francois-rubino.com\/en\/wp-json\/wp\/v2\/pages\/496\/page\/6\/'>&raquo;<\/a><\/nav>\n<\/div><\/div><\/div>\n","protected":false},"excerpt":{"rendered":"","protected":false},"author":1,"featured_media":0,"parent":0,"menu_order":0,"comment_status":"closed","ping_status":"closed","template":"","meta":{"footnotes":""},"class_list":["post-496","page","type-page","status-publish","hentry"],"_links":{"self":[{"href":"https:\/\/www.caroline-francois-rubino.com\/en\/wp-json\/wp\/v2\/pages\/496\/"}],"collection":[{"href":"https:\/\/www.caroline-francois-rubino.com\/en\/wp-json\/wp\/v2\/pages\/"}],"about":[{"href":"https:\/\/www.caroline-francois-rubino.com\/en\/wp-json\/wp\/v2\/types\/page\/"}],"author":[{"embeddable":true,"href":"https:\/\/www.caroline-francois-rubino.com\/en\/wp-json\/wp\/v2\/users\/1\/"}],"replies":[{"embeddable":true,"href":"https:\/\/www.caroline-francois-rubino.com\/en\/wp-json\/wp\/v2\/comments\/?post=496"}],"version-history":[{"count":6,"href":"https:\/\/www.caroline-francois-rubino.com\/en\/wp-json\/wp\/v2\/pages\/496\/revisions\/"}],"predecessor-version":[{"id":5728,"href":"https:\/\/www.caroline-francois-rubino.com\/en\/wp-json\/wp\/v2\/pages\/496\/revisions\/5728\/"}],"wp:attachment":[{"href":"https:\/\/www.caroline-francois-rubino.com\/en\/wp-json\/wp\/v2\/media\/?parent=496"}],"curies":[{"name":"wp","href":"https:\/\/api.w.org\/{rel}","templated":true}]}}